{"id":670,"date":"2020-01-20T18:25:46","date_gmt":"2020-01-20T17:25:46","guid":{"rendered":"https:\/\/www.alsason.fr\/?post_type=portfolio&#038;p=670"},"modified":"2020-07-23T10:03:21","modified_gmt":"2020-07-23T08:03:21","slug":"tpn-disorder-au-molodoi-de-strasbourg","status":"publish","type":"portfolio","link":"https:\/\/www.alsason.fr\/index.php\/portfolio-item\/tpn-disorder-au-molodoi-de-strasbourg\/","title":{"rendered":"TPN Disorder au Molodo\u00ef de Strasbourg"},"content":{"rendered":"<p style=\"text-align: left;\"><strong>Retour en images sur la soir\u00e9e TPN Disorder qui s\u2019est d\u00e9roul\u00e9e le 14 f\u00e9vrier dernier au Molodo\u00ef de Strasbourg.<\/strong><\/p>\n<p style=\"text-align: left;\"><img loading=\"lazy\" decoding=\"async\" class=\"alignnone wp-image-671\" src=\"https:\/\/www.alsason.fr\/wp-content\/uploads\/TPN-Disorder-Molodo\u00ef-1024x683.jpg\" alt=\"\" width=\"700\" height=\"467\" srcset=\"https:\/\/www.alsason.fr\/wp-content\/uploads\/TPN-Disorder-Molodo\u00ef-1024x683.jpg 1024w, https:\/\/www.alsason.fr\/wp-content\/uploads\/TPN-Disorder-Molodo\u00ef-300x200.jpg 300w, https:\/\/www.alsason.fr\/wp-content\/uploads\/TPN-Disorder-Molodo\u00ef-768x512.jpg 768w, https:\/\/www.alsason.fr\/wp-content\/uploads\/TPN-Disorder-Molodo\u00ef-1536x1024.jpg 1536w, https:\/\/www.alsason.fr\/wp-content\/uploads\/TPN-Disorder-Molodo\u00ef-2048x1365.jpg 2048w, https:\/\/www.alsason.fr\/wp-content\/uploads\/TPN-Disorder-Molodo\u00ef-219x146.jpg 219w, https:\/\/www.alsason.fr\/wp-content\/uploads\/TPN-Disorder-Molodo\u00ef-50x33.jpg 50w, https:\/\/www.alsason.fr\/wp-content\/uploads\/TPN-Disorder-Molodo\u00ef-113x75.jpg 113w\" sizes=\"auto, (max-width: 700px) 100vw, 700px\" \/><\/p>\n<p style=\"text-align: left;\">C\u2019est au <a href=\"https:\/\/molodoi.net\"><strong>Molodo\u00ef<\/strong><\/a> (19 Rue du Ban-de-la-Roche, 67000 Strasbourg) qu\u2019a eu lieu la soir\u00e9e <a href=\"https:\/\/www.facebook.com\/events\/457977748207894\/\"><strong>TPN Disorder<\/strong><\/a>, \u00e9v\u00e8nement organis\u00e9 par l\u2019association <a href=\"https:\/\/www.facebook.com\/tpn.association\/\"><strong>TPN<\/strong><\/a>.<span class=\"Apple-converted-space\">\u00a0<\/span><\/p>\n<p style=\"text-align: left;\"><img loading=\"lazy\" decoding=\"async\" class=\"alignnone wp-image-672\" src=\"https:\/\/www.alsason.fr\/wp-content\/uploads\/Molodo\u00cf-Strasbourg-Concert-1024x683.jpg\" alt=\"\" width=\"700\" height=\"467\" srcset=\"https:\/\/www.alsason.fr\/wp-content\/uploads\/Molodo\u00cf-Strasbourg-Concert-1024x683.jpg 1024w, https:\/\/www.alsason.fr\/wp-content\/uploads\/Molodo\u00cf-Strasbourg-Concert-300x200.jpg 300w, https:\/\/www.alsason.fr\/wp-content\/uploads\/Molodo\u00cf-Strasbourg-Concert-768x512.jpg 768w, https:\/\/www.alsason.fr\/wp-content\/uploads\/Molodo\u00cf-Strasbourg-Concert-1536x1024.jpg 1536w, https:\/\/www.alsason.fr\/wp-content\/uploads\/Molodo\u00cf-Strasbourg-Concert-2048x1365.jpg 2048w, https:\/\/www.alsason.fr\/wp-content\/uploads\/Molodo\u00cf-Strasbourg-Concert-219x146.jpg 219w, https:\/\/www.alsason.fr\/wp-content\/uploads\/Molodo\u00cf-Strasbourg-Concert-50x33.jpg 50w, https:\/\/www.alsason.fr\/wp-content\/uploads\/Molodo\u00cf-Strasbourg-Concert-113x75.jpg 113w\" sizes=\"auto, (max-width: 700px) 100vw, 700px\" \/><\/p>\n<p style=\"text-align: left;\">Active depuis 2017 dans le paysage nocturne strasbourgeois, l\u2019association organise ses \u00e9v\u00e8nements dans des lieux tels que le <a href=\"https:\/\/molodoi.net\"><strong>Molodo\u00ef<\/strong><\/a>\u00a0et le <a href=\"http:\/\/www.studio-saglio.fr\"><strong>Studio Saglio<\/strong><\/a>. Elle est \u00e0 ce jour compos\u00e9e de 14 membres actifs, ainsi que de 5 DJ\u2019s qui participent \u00e0 la programmation de chacun de leurs \u00e9v\u00e8nements.<span class=\"Apple-converted-space\">\u00a0<\/span><\/p>\n<p style=\"text-align: left;\">Les diff\u00e9rents concepts propos\u00e9s par le collectif tournent habituellement autour de styles musicaux tels que la psytrance, l\u2019acid et la techno. Parmi les derniers grands artistes invit\u00e9s par <a href=\"https:\/\/www.facebook.com\/tpn.association\/\"><strong>TPN<\/strong><\/a>, on peut notamment citer <a href=\"https:\/\/www.facebook.com\/mandragoralive\/\"><strong>Mandragora<\/strong><\/a>, <a href=\"https:\/\/www.facebook.com\/Jacidorex\/\"><strong>Jacidorex<\/strong><\/a>, <a href=\"https:\/\/www.facebook.com\/ling303ling\/\"><strong>Ling Ling<\/strong><\/a>, <a href=\"https:\/\/www.facebook.com\/nz42page\/\"><strong>NZ42<\/strong><\/a>, ou encore <a href=\"https:\/\/www.facebook.com\/brzvsstije\/\"><strong>bRz &amp; Stije<\/strong><\/a>.<span class=\"Apple-converted-space\">\u00a0<\/span><\/p>\n<p style=\"text-align: left;\"><img loading=\"lazy\" decoding=\"async\" class=\"alignnone wp-image-673\" src=\"https:\/\/www.alsason.fr\/wp-content\/uploads\/TPN-Foule-Public-Molodo\u00ef-1024x683.jpg\" alt=\"\" width=\"700\" height=\"467\" srcset=\"https:\/\/www.alsason.fr\/wp-content\/uploads\/TPN-Foule-Public-Molodo\u00ef-1024x683.jpg 1024w, https:\/\/www.alsason.fr\/wp-content\/uploads\/TPN-Foule-Public-Molodo\u00ef-300x200.jpg 300w, https:\/\/www.alsason.fr\/wp-content\/uploads\/TPN-Foule-Public-Molodo\u00ef-768x512.jpg 768w, https:\/\/www.alsason.fr\/wp-content\/uploads\/TPN-Foule-Public-Molodo\u00ef-1536x1024.jpg 1536w, https:\/\/www.alsason.fr\/wp-content\/uploads\/TPN-Foule-Public-Molodo\u00ef-2048x1365.jpg 2048w, https:\/\/www.alsason.fr\/wp-content\/uploads\/TPN-Foule-Public-Molodo\u00ef-219x146.jpg 219w, https:\/\/www.alsason.fr\/wp-content\/uploads\/TPN-Foule-Public-Molodo\u00ef-50x33.jpg 50w, https:\/\/www.alsason.fr\/wp-content\/uploads\/TPN-Foule-Public-Molodo\u00ef-113x75.jpg 113w\" sizes=\"auto, (max-width: 700px) 100vw, 700px\" \/><\/p>\n<p style=\"text-align: left;\">Pour son premier \u00e9v\u00e8nement bas\u00e9 enti\u00e8rement autour du style musical qu\u2019est la techno, l\u2019association a voulu marquer le coup et a vu les choses en grand, que ce soit au niveau de la programmation comme de la sc\u00e9nographie.<span class=\"Apple-converted-space\">\u00a0<\/span><\/p>\n<p style=\"text-align: left;\"><img loading=\"lazy\" decoding=\"async\" class=\"alignnone wp-image-677\" src=\"https:\/\/www.alsason.fr\/wp-content\/uploads\/Mayeul-JKS-Molodo\u00ef-TPN-Disorder-1024x683.jpg\" alt=\"\" width=\"700\" height=\"467\" srcset=\"https:\/\/www.alsason.fr\/wp-content\/uploads\/Mayeul-JKS-Molodo\u00ef-TPN-Disorder-1024x683.jpg 1024w, https:\/\/www.alsason.fr\/wp-content\/uploads\/Mayeul-JKS-Molodo\u00ef-TPN-Disorder-300x200.jpg 300w, https:\/\/www.alsason.fr\/wp-content\/uploads\/Mayeul-JKS-Molodo\u00ef-TPN-Disorder-768x512.jpg 768w, https:\/\/www.alsason.fr\/wp-content\/uploads\/Mayeul-JKS-Molodo\u00ef-TPN-Disorder-1536x1024.jpg 1536w, https:\/\/www.alsason.fr\/wp-content\/uploads\/Mayeul-JKS-Molodo\u00ef-TPN-Disorder-2048x1365.jpg 2048w, https:\/\/www.alsason.fr\/wp-content\/uploads\/Mayeul-JKS-Molodo\u00ef-TPN-Disorder-219x146.jpg 219w, https:\/\/www.alsason.fr\/wp-content\/uploads\/Mayeul-JKS-Molodo\u00ef-TPN-Disorder-50x33.jpg 50w, https:\/\/www.alsason.fr\/wp-content\/uploads\/Mayeul-JKS-Molodo\u00ef-TPN-Disorder-113x75.jpg 113w\" sizes=\"auto, (max-width: 700px) 100vw, 700px\" \/><\/p>\n<p style=\"text-align: left;\">\u00c0 l\u2019affiche, on peut donc citer des noms tels que <a href=\"https:\/\/www.facebook.com\/This.is.JKS\/\"><strong>JKS<\/strong><\/a>, <a href=\"https:\/\/www.facebook.com\/mayeul303\/\"><strong>Mayeul<\/strong><\/a> et <a href=\"https:\/\/www.facebook.com\/illnurse\/\"><strong>Illnurse<\/strong><\/a>, tous trois issus de la r\u00e9put\u00e9e agence parisienne <a href=\"https:\/\/www.facebook.com\/rawagencyfr\/\"><strong>RAW<\/strong><\/a>. \u00c0 leurs c\u00f4t\u00e9s, 3 DJ r\u00e9sidents de l\u2019association, \u00e0 savoir : <a href=\"https:\/\/www.facebook.com\/predacid\/\"><strong>Predacid<\/strong><\/a>, <a href=\"https:\/\/www.facebook.com\/AJNIIN\/\"><strong>AJNIN<\/strong><\/a> et <a href=\"https:\/\/www.facebook.com\/kurtis.tpn\/\"><strong>Kurtis<\/strong><\/a>.<span class=\"Apple-converted-space\">\u00a0<\/span><\/p>\n<p style=\"text-align: left;\"><img loading=\"lazy\" decoding=\"async\" class=\"alignnone wp-image-674\" src=\"https:\/\/www.alsason.fr\/wp-content\/uploads\/Sc\u00e9nographie-\u00c9cran-LED-Molodo\u00ef-1024x683.jpg\" alt=\"\" width=\"700\" height=\"467\" srcset=\"https:\/\/www.alsason.fr\/wp-content\/uploads\/Sc\u00e9nographie-\u00c9cran-LED-Molodo\u00ef-1024x683.jpg 1024w, https:\/\/www.alsason.fr\/wp-content\/uploads\/Sc\u00e9nographie-\u00c9cran-LED-Molodo\u00ef-300x200.jpg 300w, https:\/\/www.alsason.fr\/wp-content\/uploads\/Sc\u00e9nographie-\u00c9cran-LED-Molodo\u00ef-768x512.jpg 768w, https:\/\/www.alsason.fr\/wp-content\/uploads\/Sc\u00e9nographie-\u00c9cran-LED-Molodo\u00ef-1536x1024.jpg 1536w, https:\/\/www.alsason.fr\/wp-content\/uploads\/Sc\u00e9nographie-\u00c9cran-LED-Molodo\u00ef-2048x1365.jpg 2048w, https:\/\/www.alsason.fr\/wp-content\/uploads\/Sc\u00e9nographie-\u00c9cran-LED-Molodo\u00ef-219x146.jpg 219w, https:\/\/www.alsason.fr\/wp-content\/uploads\/Sc\u00e9nographie-\u00c9cran-LED-Molodo\u00ef-50x33.jpg 50w, https:\/\/www.alsason.fr\/wp-content\/uploads\/Sc\u00e9nographie-\u00c9cran-LED-Molodo\u00ef-113x75.jpg 113w\" sizes=\"auto, (max-width: 700px) 100vw, 700px\" \/><\/p>\n<p style=\"text-align: left;\">Pour sublimer chacune de ces performances artistiques, la sc\u00e8ne du <a href=\"https:\/\/molodoi.net\"><strong>Molodo\u00ef<\/strong><\/a> brillait de milles feux :<\/p>\n<p>&nbsp;<\/p>\n<ul style=\"text-align: left;\">\n<li>&#8211; 48 dalles LED <strong>PhoceaLight<\/strong>\u00a0(pitch 3,91mm) en 4 panneaux distincts, mont\u00e9s sur 3 arches en structure aluminium ainsi que sur bumpers,<\/li>\n<li>&#8211; 4 projecteurs automatiques <strong>DAGE 18R <\/strong>ainsi que\u00a0divers stroboscopes et blinders pilot\u00e9s \u00e0 l&rsquo;aide d&rsquo;une console <strong>Infinity CHIMP300,<\/strong><\/li>\n<li>&#8211; 2 machines \u00e0 brouillard<\/li>\n<\/ul>\n<p>&nbsp;<\/p>\n<p style=\"text-align: left;\">Mat\u00e9riel qui a int\u00e9gralement \u00e9t\u00e9 fourni par <strong>Alsason<\/strong>, tout comme une partie de la backline (<strong>Pioneer CDJ-2000 NXS2-W<\/strong>, <strong>Pioneer DJM-900 NXS2-W)<\/strong>.<\/p>\n<p style=\"text-align: left;\"><img loading=\"lazy\" decoding=\"async\" class=\"alignnone wp-image-675\" src=\"https:\/\/www.alsason.fr\/wp-content\/uploads\/AJNIN-Molodo\u00ef-DJ-Mapping-1024x683.jpg\" alt=\"\" width=\"700\" height=\"467\" srcset=\"https:\/\/www.alsason.fr\/wp-content\/uploads\/AJNIN-Molodo\u00ef-DJ-Mapping-1024x683.jpg 1024w, https:\/\/www.alsason.fr\/wp-content\/uploads\/AJNIN-Molodo\u00ef-DJ-Mapping-300x200.jpg 300w, https:\/\/www.alsason.fr\/wp-content\/uploads\/AJNIN-Molodo\u00ef-DJ-Mapping-768x512.jpg 768w, https:\/\/www.alsason.fr\/wp-content\/uploads\/AJNIN-Molodo\u00ef-DJ-Mapping-1536x1024.jpg 1536w, https:\/\/www.alsason.fr\/wp-content\/uploads\/AJNIN-Molodo\u00ef-DJ-Mapping-2048x1365.jpg 2048w, https:\/\/www.alsason.fr\/wp-content\/uploads\/AJNIN-Molodo\u00ef-DJ-Mapping-219x146.jpg 219w, https:\/\/www.alsason.fr\/wp-content\/uploads\/AJNIN-Molodo\u00ef-DJ-Mapping-50x33.jpg 50w, https:\/\/www.alsason.fr\/wp-content\/uploads\/AJNIN-Molodo\u00ef-DJ-Mapping-113x75.jpg 113w\" sizes=\"auto, (max-width: 700px) 100vw, 700px\" \/><\/p>\n<p style=\"text-align: left;\">C\u2019est le jeune VJ <a href=\"https:\/\/www.facebook.com\/visualandline\/\"><strong>VAL &#8211; Visual &amp; Light<\/strong><\/a> qui s\u2019est occup\u00e9 de la conception des visuels et de la performance live sur les panneaux LED tout au long de la soir\u00e9e.<span class=\"Apple-converted-space\">\u00a0<\/span><\/p>\n<p style=\"text-align: left;\"><img loading=\"lazy\" decoding=\"async\" class=\"alignnone wp-image-678\" src=\"https:\/\/www.alsason.fr\/wp-content\/uploads\/Public-TPN-Disorder-1024x683.jpg\" alt=\"\" width=\"700\" height=\"467\" srcset=\"https:\/\/www.alsason.fr\/wp-content\/uploads\/Public-TPN-Disorder-1024x683.jpg 1024w, https:\/\/www.alsason.fr\/wp-content\/uploads\/Public-TPN-Disorder-300x200.jpg 300w, https:\/\/www.alsason.fr\/wp-content\/uploads\/Public-TPN-Disorder-768x512.jpg 768w, https:\/\/www.alsason.fr\/wp-content\/uploads\/Public-TPN-Disorder-1536x1024.jpg 1536w, https:\/\/www.alsason.fr\/wp-content\/uploads\/Public-TPN-Disorder-2048x1365.jpg 2048w, https:\/\/www.alsason.fr\/wp-content\/uploads\/Public-TPN-Disorder-219x146.jpg 219w, https:\/\/www.alsason.fr\/wp-content\/uploads\/Public-TPN-Disorder-50x33.jpg 50w, https:\/\/www.alsason.fr\/wp-content\/uploads\/Public-TPN-Disorder-113x75.jpg 113w\" sizes=\"auto, (max-width: 700px) 100vw, 700px\" \/><\/p>\n<p style=\"text-align: left;\">Finalement, ce sont plus de 700 personnes qui ont assist\u00e9 \u00e0 ce bel \u00e9v\u00e8nement, qui s\u2019est termin\u00e9 \u00e0 5h du matin.<span class=\"Apple-converted-space\">\u00a0<\/span><\/p>\n<p style=\"text-align: left;\"><img loading=\"lazy\" decoding=\"async\" class=\"alignnone wp-image-676\" src=\"https:\/\/www.alsason.fr\/wp-content\/uploads\/Kurtis-TPN-Molodo\u00ef-1024x683.jpg\" alt=\"\" width=\"700\" height=\"467\" srcset=\"https:\/\/www.alsason.fr\/wp-content\/uploads\/Kurtis-TPN-Molodo\u00ef-1024x683.jpg 1024w, https:\/\/www.alsason.fr\/wp-content\/uploads\/Kurtis-TPN-Molodo\u00ef-300x200.jpg 300w, https:\/\/www.alsason.fr\/wp-content\/uploads\/Kurtis-TPN-Molodo\u00ef-768x512.jpg 768w, https:\/\/www.alsason.fr\/wp-content\/uploads\/Kurtis-TPN-Molodo\u00ef-1536x1024.jpg 1536w, https:\/\/www.alsason.fr\/wp-content\/uploads\/Kurtis-TPN-Molodo\u00ef-2048x1365.jpg 2048w, https:\/\/www.alsason.fr\/wp-content\/uploads\/Kurtis-TPN-Molodo\u00ef-219x146.jpg 219w, https:\/\/www.alsason.fr\/wp-content\/uploads\/Kurtis-TPN-Molodo\u00ef-50x33.jpg 50w, https:\/\/www.alsason.fr\/wp-content\/uploads\/Kurtis-TPN-Molodo\u00ef-113x75.jpg 113w\" sizes=\"auto, (max-width: 700px) 100vw, 700px\" \/><\/p>\n<p style=\"text-align: left;\">Cr\u00e9dits photo : <a href=\"https:\/\/www.facebook.com\/laurent.longvixay\">L<b>aurent Khram Longvixay<\/b><span class=\"Apple-converted-space\">\u00a0<\/span><\/a>\u00a0&#8211; <a href=\"https:\/\/www.facebook.com\/LKLProd\/\"><strong>LKL Prod<\/strong><\/a><\/p>\n<p style=\"text-align: left;\">Page Facebook de l\u2019association : <a href=\"https:\/\/www.facebook.com\/tpn.association\/\"><strong>TPN<\/strong><\/a><\/p>\n<p style=\"text-align: left;\">Page Facebook Alsason : <a href=\"https:\/\/www.facebook.com\/alsasonfrance\/\"><strong>Alsason<\/strong><\/a><\/p>\n<p style=\"text-align: left;\">Instagram Alsason : <a href=\"https:\/\/www.instagram.com\/alsasonfrance\/\"><strong>Alsason<\/strong><\/a><\/p>\n","protected":false},"excerpt":{"rendered":"<p>Retour en images sur la soir\u00e9e TPN Disorder qui s\u2019est d\u00e9roul\u00e9e le 14 f\u00e9vrier dernier au Molodo\u00ef de Strasbourg. C\u2019est au Molodo\u00ef (19 Rue du Ban-de-la-Roche,<span class=\"excerpt-hellip\"> [\u2026]<\/span><\/p>\n","protected":false},"author":1,"featured_media":671,"menu_order":0,"comment_status":"open","ping_status":"closed","template":"","meta":{"_acf_changed":false},"portfolio-types":[],"class_list":["post-670","portfolio","type-portfolio","status-publish","has-post-thumbnail","hentry"],"acf":[],"yoast_head":"<!-- This site is optimized with the Yoast SEO plugin v26.2 - https:\/\/yoast.com\/wordpress\/plugins\/seo\/ -->\n<title>TPN Disorder au Molodo\u00ef de Strasbourg - Alsason<\/title>\n<meta name=\"robots\" content=\"index, follow, max-snippet:-1, max-image-preview:large, max-video-preview:-1\" \/>\n<link rel=\"canonical\" href=\"https:\/\/www.alsason.fr\/index.php\/portfolio-item\/tpn-disorder-au-molodoi-de-strasbourg\/\" \/>\n<meta property=\"og:locale\" content=\"fr_FR\" \/>\n<meta property=\"og:type\" content=\"article\" \/>\n<meta property=\"og:title\" content=\"TPN Disorder au Molodo\u00ef de Strasbourg - Alsason\" \/>\n<meta property=\"og:description\" content=\"Retour en images sur la soir\u00e9e TPN Disorder qui s\u2019est d\u00e9roul\u00e9e le 14 f\u00e9vrier dernier au Molodo\u00ef de Strasbourg. C\u2019est au Molodo\u00ef (19 Rue du Ban-de-la-Roche, [\u2026]\" \/>\n<meta property=\"og:url\" content=\"https:\/\/www.alsason.fr\/index.php\/portfolio-item\/tpn-disorder-au-molodoi-de-strasbourg\/\" \/>\n<meta property=\"og:site_name\" content=\"Alsason\" \/>\n<meta property=\"article:publisher\" content=\"https:\/\/www.facebook.com\/alsasonfrance\" \/>\n<meta property=\"article:modified_time\" content=\"2020-07-23T08:03:21+00:00\" \/>\n<meta property=\"og:image\" content=\"https:\/\/www.alsason.fr\/wp-content\/uploads\/TPN-Disorder-Molodo\u00ef-scaled.jpg\" \/>\n\t<meta property=\"og:image:width\" content=\"2560\" \/>\n\t<meta property=\"og:image:height\" content=\"1707\" \/>\n\t<meta property=\"og:image:type\" content=\"image\/jpeg\" \/>\n<meta name=\"twitter:card\" content=\"summary_large_image\" \/>\n<meta name=\"twitter:label1\" content=\"Dur\u00e9e de lecture estim\u00e9e\" \/>\n\t<meta name=\"twitter:data1\" content=\"2 minutes\" \/>\n<script type=\"application\/ld+json\" class=\"yoast-schema-graph\">{\"@context\":\"https:\/\/schema.org\",\"@graph\":[{\"@type\":\"WebPage\",\"@id\":\"https:\/\/www.alsason.fr\/index.php\/portfolio-item\/tpn-disorder-au-molodoi-de-strasbourg\/\",\"url\":\"https:\/\/www.alsason.fr\/index.php\/portfolio-item\/tpn-disorder-au-molodoi-de-strasbourg\/\",\"name\":\"TPN Disorder au Molodo\u00ef de Strasbourg - Alsason\",\"isPartOf\":{\"@id\":\"https:\/\/www.alsason.fr\/#website\"},\"primaryImageOfPage\":{\"@id\":\"https:\/\/www.alsason.fr\/index.php\/portfolio-item\/tpn-disorder-au-molodoi-de-strasbourg\/#primaryimage\"},\"image\":{\"@id\":\"https:\/\/www.alsason.fr\/index.php\/portfolio-item\/tpn-disorder-au-molodoi-de-strasbourg\/#primaryimage\"},\"thumbnailUrl\":\"https:\/\/www.alsason.fr\/wp-content\/uploads\/TPN-Disorder-Molodo\u00ef-scaled.jpg\",\"datePublished\":\"2020-01-20T17:25:46+00:00\",\"dateModified\":\"2020-07-23T08:03:21+00:00\",\"breadcrumb\":{\"@id\":\"https:\/\/www.alsason.fr\/index.php\/portfolio-item\/tpn-disorder-au-molodoi-de-strasbourg\/#breadcrumb\"},\"inLanguage\":\"fr-FR\",\"potentialAction\":[{\"@type\":\"ReadAction\",\"target\":[\"https:\/\/www.alsason.fr\/index.php\/portfolio-item\/tpn-disorder-au-molodoi-de-strasbourg\/\"]}]},{\"@type\":\"ImageObject\",\"inLanguage\":\"fr-FR\",\"@id\":\"https:\/\/www.alsason.fr\/index.php\/portfolio-item\/tpn-disorder-au-molodoi-de-strasbourg\/#primaryimage\",\"url\":\"https:\/\/www.alsason.fr\/wp-content\/uploads\/TPN-Disorder-Molodo\u00ef-scaled.jpg\",\"contentUrl\":\"https:\/\/www.alsason.fr\/wp-content\/uploads\/TPN-Disorder-Molodo\u00ef-scaled.jpg\",\"width\":2560,\"height\":1707},{\"@type\":\"BreadcrumbList\",\"@id\":\"https:\/\/www.alsason.fr\/index.php\/portfolio-item\/tpn-disorder-au-molodoi-de-strasbourg\/#breadcrumb\",\"itemListElement\":[{\"@type\":\"ListItem\",\"position\":1,\"name\":\"Accueil\",\"item\":\"https:\/\/www.alsason.fr\/\"},{\"@type\":\"ListItem\",\"position\":2,\"name\":\"TPN Disorder au Molodo\u00ef de Strasbourg\"}]},{\"@type\":\"WebSite\",\"@id\":\"https:\/\/www.alsason.fr\/#website\",\"url\":\"https:\/\/www.alsason.fr\/\",\"name\":\"Alsason\",\"description\":\"Alsason\",\"publisher\":{\"@id\":\"https:\/\/www.alsason.fr\/#organization\"},\"potentialAction\":[{\"@type\":\"SearchAction\",\"target\":{\"@type\":\"EntryPoint\",\"urlTemplate\":\"https:\/\/www.alsason.fr\/?s={search_term_string}\"},\"query-input\":{\"@type\":\"PropertyValueSpecification\",\"valueRequired\":true,\"valueName\":\"search_term_string\"}}],\"inLanguage\":\"fr-FR\"},{\"@type\":\"Organization\",\"@id\":\"https:\/\/www.alsason.fr\/#organization\",\"name\":\"Alsason\",\"url\":\"https:\/\/www.alsason.fr\/\",\"logo\":{\"@type\":\"ImageObject\",\"inLanguage\":\"fr-FR\",\"@id\":\"https:\/\/www.alsason.fr\/#\/schema\/logo\/image\/\",\"url\":\"https:\/\/www.alsason.fr\/wp-content\/uploads\/logo-alsason-rouge-black-600x150.png\",\"contentUrl\":\"https:\/\/www.alsason.fr\/wp-content\/uploads\/logo-alsason-rouge-black-600x150.png\",\"width\":600,\"height\":150,\"caption\":\"Alsason\"},\"image\":{\"@id\":\"https:\/\/www.alsason.fr\/#\/schema\/logo\/image\/\"},\"sameAs\":[\"https:\/\/www.facebook.com\/alsasonfrance\"]}]}<\/script>\n<!-- \/ Yoast SEO plugin. -->","yoast_head_json":{"title":"TPN Disorder au Molodo\u00ef de Strasbourg - Alsason","robots":{"index":"index","follow":"follow","max-snippet":"max-snippet:-1","max-image-preview":"max-image-preview:large","max-video-preview":"max-video-preview:-1"},"canonical":"https:\/\/www.alsason.fr\/index.php\/portfolio-item\/tpn-disorder-au-molodoi-de-strasbourg\/","og_locale":"fr_FR","og_type":"article","og_title":"TPN Disorder au Molodo\u00ef de Strasbourg - Alsason","og_description":"Retour en images sur la soir\u00e9e TPN Disorder qui s\u2019est d\u00e9roul\u00e9e le 14 f\u00e9vrier dernier au Molodo\u00ef de Strasbourg. C\u2019est au Molodo\u00ef (19 Rue du Ban-de-la-Roche, [\u2026]","og_url":"https:\/\/www.alsason.fr\/index.php\/portfolio-item\/tpn-disorder-au-molodoi-de-strasbourg\/","og_site_name":"Alsason","article_publisher":"https:\/\/www.facebook.com\/alsasonfrance","article_modified_time":"2020-07-23T08:03:21+00:00","og_image":[{"width":2560,"height":1707,"url":"https:\/\/www.alsason.fr\/wp-content\/uploads\/TPN-Disorder-Molodo\u00ef-scaled.jpg","type":"image\/jpeg"}],"twitter_card":"summary_large_image","twitter_misc":{"Dur\u00e9e de lecture estim\u00e9e":"2 minutes"},"schema":{"@context":"https:\/\/schema.org","@graph":[{"@type":"WebPage","@id":"https:\/\/www.alsason.fr\/index.php\/portfolio-item\/tpn-disorder-au-molodoi-de-strasbourg\/","url":"https:\/\/www.alsason.fr\/index.php\/portfolio-item\/tpn-disorder-au-molodoi-de-strasbourg\/","name":"TPN Disorder au Molodo\u00ef de Strasbourg - Alsason","isPartOf":{"@id":"https:\/\/www.alsason.fr\/#website"},"primaryImageOfPage":{"@id":"https:\/\/www.alsason.fr\/index.php\/portfolio-item\/tpn-disorder-au-molodoi-de-strasbourg\/#primaryimage"},"image":{"@id":"https:\/\/www.alsason.fr\/index.php\/portfolio-item\/tpn-disorder-au-molodoi-de-strasbourg\/#primaryimage"},"thumbnailUrl":"https:\/\/www.alsason.fr\/wp-content\/uploads\/TPN-Disorder-Molodo\u00ef-scaled.jpg","datePublished":"2020-01-20T17:25:46+00:00","dateModified":"2020-07-23T08:03:21+00:00","breadcrumb":{"@id":"https:\/\/www.alsason.fr\/index.php\/portfolio-item\/tpn-disorder-au-molodoi-de-strasbourg\/#breadcrumb"},"inLanguage":"fr-FR","potentialAction":[{"@type":"ReadAction","target":["https:\/\/www.alsason.fr\/index.php\/portfolio-item\/tpn-disorder-au-molodoi-de-strasbourg\/"]}]},{"@type":"ImageObject","inLanguage":"fr-FR","@id":"https:\/\/www.alsason.fr\/index.php\/portfolio-item\/tpn-disorder-au-molodoi-de-strasbourg\/#primaryimage","url":"https:\/\/www.alsason.fr\/wp-content\/uploads\/TPN-Disorder-Molodo\u00ef-scaled.jpg","contentUrl":"https:\/\/www.alsason.fr\/wp-content\/uploads\/TPN-Disorder-Molodo\u00ef-scaled.jpg","width":2560,"height":1707},{"@type":"BreadcrumbList","@id":"https:\/\/www.alsason.fr\/index.php\/portfolio-item\/tpn-disorder-au-molodoi-de-strasbourg\/#breadcrumb","itemListElement":[{"@type":"ListItem","position":1,"name":"Accueil","item":"https:\/\/www.alsason.fr\/"},{"@type":"ListItem","position":2,"name":"TPN Disorder au Molodo\u00ef de Strasbourg"}]},{"@type":"WebSite","@id":"https:\/\/www.alsason.fr\/#website","url":"https:\/\/www.alsason.fr\/","name":"Alsason","description":"Alsason","publisher":{"@id":"https:\/\/www.alsason.fr\/#organization"},"potentialAction":[{"@type":"SearchAction","target":{"@type":"EntryPoint","urlTemplate":"https:\/\/www.alsason.fr\/?s={search_term_string}"},"query-input":{"@type":"PropertyValueSpecification","valueRequired":true,"valueName":"search_term_string"}}],"inLanguage":"fr-FR"},{"@type":"Organization","@id":"https:\/\/www.alsason.fr\/#organization","name":"Alsason","url":"https:\/\/www.alsason.fr\/","logo":{"@type":"ImageObject","inLanguage":"fr-FR","@id":"https:\/\/www.alsason.fr\/#\/schema\/logo\/image\/","url":"https:\/\/www.alsason.fr\/wp-content\/uploads\/logo-alsason-rouge-black-600x150.png","contentUrl":"https:\/\/www.alsason.fr\/wp-content\/uploads\/logo-alsason-rouge-black-600x150.png","width":600,"height":150,"caption":"Alsason"},"image":{"@id":"https:\/\/www.alsason.fr\/#\/schema\/logo\/image\/"},"sameAs":["https:\/\/www.facebook.com\/alsasonfrance"]}]}},"_links":{"self":[{"href":"https:\/\/www.alsason.fr\/index.php\/wp-json\/wp\/v2\/portfolio\/670","targetHints":{"allow":["GET"]}}],"collection":[{"href":"https:\/\/www.alsason.fr\/index.php\/wp-json\/wp\/v2\/portfolio"}],"about":[{"href":"https:\/\/www.alsason.fr\/index.php\/wp-json\/wp\/v2\/types\/portfolio"}],"author":[{"embeddable":true,"href":"https:\/\/www.alsason.fr\/index.php\/wp-json\/wp\/v2\/users\/1"}],"replies":[{"embeddable":true,"href":"https:\/\/www.alsason.fr\/index.php\/wp-json\/wp\/v2\/comments?post=670"}],"wp:featuredmedia":[{"embeddable":true,"href":"https:\/\/www.alsason.fr\/index.php\/wp-json\/wp\/v2\/media\/671"}],"wp:attachment":[{"href":"https:\/\/www.alsason.fr\/index.php\/wp-json\/wp\/v2\/media?parent=670"}],"wp:term":[{"taxonomy":"portfolio-types","embeddable":true,"href":"https:\/\/www.alsason.fr\/index.php\/wp-json\/wp\/v2\/portfolio-types?post=670"}],"curies":[{"name":"wp","href":"https:\/\/api.w.org\/{rel}","templated":true}]}}