{"id":750,"date":"2020-01-16T16:09:38","date_gmt":"2020-01-16T15:09:38","guid":{"rendered":"https:\/\/www.alsason.fr\/?post_type=portfolio&#038;p=750"},"modified":"2020-12-03T16:25:51","modified_gmt":"2020-12-03T15:25:51","slug":"illuminations-de-noel-2020-rue-de-la-mesange","status":"publish","type":"portfolio","link":"https:\/\/www.alsason.fr\/index.php\/portfolio-item\/illuminations-de-noel-2020-rue-de-la-mesange\/","title":{"rendered":"Illuminations de No\u00ebl 2020 &#8211; Rue de la M\u00e9sange"},"content":{"rendered":"<p style=\"text-align: justify;\"><strong>Comme l&rsquo;an pass\u00e9, nos \u00e9quipes se sont charg\u00e9es de l&rsquo;installation des illuminations de No\u00ebl de la rue de la M\u00e9sange, \u00e0 Strasbourg.<\/strong><\/p>\n<p style=\"text-align: justify;\">\n<p style=\"text-align: justify;\"><img loading=\"lazy\" decoding=\"async\" class=\"alignnone wp-image-752\" src=\"https:\/\/www.alsason.fr\/wp-content\/uploads\/Strasbourg-Vitrines-Noel-Bardet-Mesange-1024x768.jpg\" alt=\"\" width=\"700\" height=\"525\" srcset=\"https:\/\/www.alsason.fr\/wp-content\/uploads\/Strasbourg-Vitrines-Noel-Bardet-Mesange-1024x768.jpg 1024w, https:\/\/www.alsason.fr\/wp-content\/uploads\/Strasbourg-Vitrines-Noel-Bardet-Mesange-300x225.jpg 300w, https:\/\/www.alsason.fr\/wp-content\/uploads\/Strasbourg-Vitrines-Noel-Bardet-Mesange-768x576.jpg 768w, https:\/\/www.alsason.fr\/wp-content\/uploads\/Strasbourg-Vitrines-Noel-Bardet-Mesange-1536x1152.jpg 1536w, https:\/\/www.alsason.fr\/wp-content\/uploads\/Strasbourg-Vitrines-Noel-Bardet-Mesange-2048x1536.jpg 2048w, https:\/\/www.alsason.fr\/wp-content\/uploads\/Strasbourg-Vitrines-Noel-Bardet-Mesange-195x146.jpg 195w, https:\/\/www.alsason.fr\/wp-content\/uploads\/Strasbourg-Vitrines-Noel-Bardet-Mesange-50x38.jpg 50w, https:\/\/www.alsason.fr\/wp-content\/uploads\/Strasbourg-Vitrines-Noel-Bardet-Mesange-100x75.jpg 100w, https:\/\/www.alsason.fr\/wp-content\/uploads\/Strasbourg-Vitrines-Noel-Bardet-Mesange-960x720.jpg 960w\" sizes=\"auto, (max-width: 700px) 100vw, 700px\" \/><\/p>\n<p style=\"text-align: justify;\">\n<p style=\"text-align: justify;\">Cette ann\u00e9e encore, nous avons eu l&rsquo;honneur de d\u00e9corer la magnifique rue de la M\u00e9sange, sous l&rsquo;\u00e9gide de Pierre Bardet ainsi que les <strong><a href=\"https:\/\/www.vitrines-strasbourg.com\">Vitrines de Strasbourg<\/a><\/strong>.<\/p>\n<p style=\"text-align: justify;\">\n<p style=\"text-align: justify;\"><img loading=\"lazy\" decoding=\"async\" class=\"alignnone wp-image-753\" src=\"https:\/\/www.alsason.fr\/wp-content\/uploads\/Vitrines-Strasbourg-Bardet-Mesange-1024x768.jpg\" alt=\"\" width=\"700\" height=\"525\" srcset=\"https:\/\/www.alsason.fr\/wp-content\/uploads\/Vitrines-Strasbourg-Bardet-Mesange-1024x768.jpg 1024w, https:\/\/www.alsason.fr\/wp-content\/uploads\/Vitrines-Strasbourg-Bardet-Mesange-300x225.jpg 300w, https:\/\/www.alsason.fr\/wp-content\/uploads\/Vitrines-Strasbourg-Bardet-Mesange-768x576.jpg 768w, https:\/\/www.alsason.fr\/wp-content\/uploads\/Vitrines-Strasbourg-Bardet-Mesange-1536x1152.jpg 1536w, https:\/\/www.alsason.fr\/wp-content\/uploads\/Vitrines-Strasbourg-Bardet-Mesange-2048x1536.jpg 2048w, https:\/\/www.alsason.fr\/wp-content\/uploads\/Vitrines-Strasbourg-Bardet-Mesange-195x146.jpg 195w, https:\/\/www.alsason.fr\/wp-content\/uploads\/Vitrines-Strasbourg-Bardet-Mesange-50x38.jpg 50w, https:\/\/www.alsason.fr\/wp-content\/uploads\/Vitrines-Strasbourg-Bardet-Mesange-100x75.jpg 100w, https:\/\/www.alsason.fr\/wp-content\/uploads\/Vitrines-Strasbourg-Bardet-Mesange-960x720.jpg 960w\" sizes=\"auto, (max-width: 700px) 100vw, 700px\" \/><\/p>\n<p style=\"text-align: justify;\">\n<p style=\"text-align: justify;\">Depuis pr\u00e8s de 60 ans, les Vitrines de Strasbourg s\u2019impliquent dans la vie locale, contribuant \u00e0 l\u2019animation et au d\u00e9veloppement commercial de la ville. Fortes de plus de 700 adh\u00e9rents, elles constituent aujourd\u2019hui une des associations de commer\u00e7ants les plus importantes de France, se positionnant comme un acteur de premier plan dans la vie de la cit\u00e9, une v\u00e9ritable institution strasbourgeoise.<\/p>\n<p style=\"text-align: justify;\">\n<p style=\"text-align: justify;\"><img loading=\"lazy\" decoding=\"async\" class=\"alignnone wp-image-754\" src=\"https:\/\/www.alsason.fr\/wp-content\/uploads\/Mesange-Strasbourg-Vitrines-Noel-Bardet-1024x768.jpg\" alt=\"\" width=\"700\" height=\"525\" srcset=\"https:\/\/www.alsason.fr\/wp-content\/uploads\/Mesange-Strasbourg-Vitrines-Noel-Bardet-1024x768.jpg 1024w, https:\/\/www.alsason.fr\/wp-content\/uploads\/Mesange-Strasbourg-Vitrines-Noel-Bardet-300x225.jpg 300w, https:\/\/www.alsason.fr\/wp-content\/uploads\/Mesange-Strasbourg-Vitrines-Noel-Bardet-768x576.jpg 768w, https:\/\/www.alsason.fr\/wp-content\/uploads\/Mesange-Strasbourg-Vitrines-Noel-Bardet-1536x1152.jpg 1536w, https:\/\/www.alsason.fr\/wp-content\/uploads\/Mesange-Strasbourg-Vitrines-Noel-Bardet-2048x1536.jpg 2048w, https:\/\/www.alsason.fr\/wp-content\/uploads\/Mesange-Strasbourg-Vitrines-Noel-Bardet-195x146.jpg 195w, https:\/\/www.alsason.fr\/wp-content\/uploads\/Mesange-Strasbourg-Vitrines-Noel-Bardet-50x38.jpg 50w, https:\/\/www.alsason.fr\/wp-content\/uploads\/Mesange-Strasbourg-Vitrines-Noel-Bardet-100x75.jpg 100w, https:\/\/www.alsason.fr\/wp-content\/uploads\/Mesange-Strasbourg-Vitrines-Noel-Bardet-960x720.jpg 960w\" sizes=\"auto, (max-width: 700px) 100vw, 700px\" \/><\/p>\n<p style=\"text-align: justify;\">\n<p style=\"text-align: justify;\">Illuminations de No\u00ebl reconnues dans le monde entier et salu\u00e9es par tous les m\u00e9dia internationaux, Grande Braderie, F\u00eates des Vendanges et du Go\u00fbt ou encore animation de P\u00e2ques, par ces actions embl\u00e9matiques et ces op\u00e9rations exceptionnelles, les Vitrines de Strasbourg marquent la ville.<\/p>\n<p style=\"text-align: justify;\">\n<p style=\"text-align: justify;\"><img loading=\"lazy\" decoding=\"async\" class=\"alignnone wp-image-755\" src=\"https:\/\/www.alsason.fr\/wp-content\/uploads\/Vitrines-Mesange-Strasbourg-Bardet-1024x768.jpg\" alt=\"\" width=\"700\" height=\"525\" srcset=\"https:\/\/www.alsason.fr\/wp-content\/uploads\/Vitrines-Mesange-Strasbourg-Bardet-1024x768.jpg 1024w, https:\/\/www.alsason.fr\/wp-content\/uploads\/Vitrines-Mesange-Strasbourg-Bardet-300x225.jpg 300w, https:\/\/www.alsason.fr\/wp-content\/uploads\/Vitrines-Mesange-Strasbourg-Bardet-768x576.jpg 768w, https:\/\/www.alsason.fr\/wp-content\/uploads\/Vitrines-Mesange-Strasbourg-Bardet-1536x1152.jpg 1536w, https:\/\/www.alsason.fr\/wp-content\/uploads\/Vitrines-Mesange-Strasbourg-Bardet-2048x1536.jpg 2048w, https:\/\/www.alsason.fr\/wp-content\/uploads\/Vitrines-Mesange-Strasbourg-Bardet-195x146.jpg 195w, https:\/\/www.alsason.fr\/wp-content\/uploads\/Vitrines-Mesange-Strasbourg-Bardet-50x38.jpg 50w, https:\/\/www.alsason.fr\/wp-content\/uploads\/Vitrines-Mesange-Strasbourg-Bardet-100x75.jpg 100w, https:\/\/www.alsason.fr\/wp-content\/uploads\/Vitrines-Mesange-Strasbourg-Bardet-960x720.jpg 960w\" sizes=\"auto, (max-width: 700px) 100vw, 700px\" \/><\/p>\n","protected":false},"excerpt":{"rendered":"<p>Comme l&rsquo;an pass\u00e9, nos \u00e9quipes se sont charg\u00e9es de l&rsquo;installation des illuminations de No\u00ebl de la rue de la M\u00e9sange, \u00e0 Strasbourg. Cette ann\u00e9e encore, nous<span class=\"excerpt-hellip\"> [\u2026]<\/span><\/p>\n","protected":false},"author":1,"featured_media":751,"menu_order":0,"comment_status":"open","ping_status":"closed","template":"","meta":{"_acf_changed":false},"portfolio-types":[],"class_list":["post-750","portfolio","type-portfolio","status-publish","has-post-thumbnail","hentry"],"acf":[],"yoast_head":"<!-- This site is optimized with the Yoast SEO plugin v28.4 - https:\/\/yoast.com\/product\/yoast-seo-wordpress\/ -->\n<title>Illuminations de No\u00ebl 2020 - Rue de la M\u00e9sange - Alsason<\/title>\n<meta name=\"robots\" content=\"index, follow, max-snippet:-1, max-image-preview:large, max-video-preview:-1\" \/>\n<link rel=\"canonical\" href=\"https:\/\/www.alsason.fr\/index.php\/portfolio-item\/illuminations-de-noel-2020-rue-de-la-mesange\/\" \/>\n<meta property=\"og:locale\" content=\"fr_FR\" \/>\n<meta property=\"og:type\" content=\"article\" \/>\n<meta property=\"og:title\" content=\"Illuminations de No\u00ebl 2020 - Rue de la M\u00e9sange - Alsason\" \/>\n<meta property=\"og:description\" content=\"Comme l&#039;an pass\u00e9, nos \u00e9quipes se sont charg\u00e9es de l&#039;installation des illuminations de No\u00ebl de la rue de la M\u00e9sange, \u00e0 Strasbourg. Cette ann\u00e9e encore, nous [\u2026]\" \/>\n<meta property=\"og:url\" content=\"https:\/\/www.alsason.fr\/index.php\/portfolio-item\/illuminations-de-noel-2020-rue-de-la-mesange\/\" \/>\n<meta property=\"og:site_name\" content=\"Alsason\" \/>\n<meta property=\"article:publisher\" content=\"https:\/\/www.facebook.com\/alsasonfrance\" \/>\n<meta property=\"article:modified_time\" content=\"2020-12-03T15:25:51+00:00\" \/>\n<meta property=\"og:image\" content=\"https:\/\/www.alsason.fr\/wp-content\/uploads\/Vitrines-Strasbourg-Bardet-Noel-scaled.jpg\" \/>\n\t<meta property=\"og:image:width\" content=\"2560\" \/>\n\t<meta property=\"og:image:height\" content=\"1920\" \/>\n\t<meta property=\"og:image:type\" content=\"image\/jpeg\" \/>\n<meta name=\"twitter:card\" content=\"summary_large_image\" \/>\n<meta name=\"twitter:label1\" content=\"Dur\u00e9e de lecture estim\u00e9e\" \/>\n\t<meta name=\"twitter:data1\" content=\"1 minute\" \/>\n<script type=\"application\/ld+json\" class=\"yoast-schema-graph\">{\"@context\":\"https:\\\/\\\/schema.org\",\"@graph\":[{\"@type\":\"WebPage\",\"@id\":\"https:\\\/\\\/www.alsason.fr\\\/index.php\\\/portfolio-item\\\/illuminations-de-noel-2020-rue-de-la-mesange\\\/\",\"url\":\"https:\\\/\\\/www.alsason.fr\\\/index.php\\\/portfolio-item\\\/illuminations-de-noel-2020-rue-de-la-mesange\\\/\",\"name\":\"Illuminations de No\u00ebl 2020 - Rue de la M\u00e9sange - Alsason\",\"isPartOf\":{\"@id\":\"https:\\\/\\\/www.alsason.fr\\\/#website\"},\"primaryImageOfPage\":{\"@id\":\"https:\\\/\\\/www.alsason.fr\\\/index.php\\\/portfolio-item\\\/illuminations-de-noel-2020-rue-de-la-mesange\\\/#primaryimage\"},\"image\":{\"@id\":\"https:\\\/\\\/www.alsason.fr\\\/index.php\\\/portfolio-item\\\/illuminations-de-noel-2020-rue-de-la-mesange\\\/#primaryimage\"},\"thumbnailUrl\":\"https:\\\/\\\/www.alsason.fr\\\/wp-content\\\/uploads\\\/Vitrines-Strasbourg-Bardet-Noel-scaled.jpg\",\"datePublished\":\"2020-01-16T15:09:38+00:00\",\"dateModified\":\"2020-12-03T15:25:51+00:00\",\"breadcrumb\":{\"@id\":\"https:\\\/\\\/www.alsason.fr\\\/index.php\\\/portfolio-item\\\/illuminations-de-noel-2020-rue-de-la-mesange\\\/#breadcrumb\"},\"inLanguage\":\"fr-FR\",\"potentialAction\":[{\"@type\":\"ReadAction\",\"target\":[\"https:\\\/\\\/www.alsason.fr\\\/index.php\\\/portfolio-item\\\/illuminations-de-noel-2020-rue-de-la-mesange\\\/\"]}]},{\"@type\":\"ImageObject\",\"inLanguage\":\"fr-FR\",\"@id\":\"https:\\\/\\\/www.alsason.fr\\\/index.php\\\/portfolio-item\\\/illuminations-de-noel-2020-rue-de-la-mesange\\\/#primaryimage\",\"url\":\"https:\\\/\\\/www.alsason.fr\\\/wp-content\\\/uploads\\\/Vitrines-Strasbourg-Bardet-Noel-scaled.jpg\",\"contentUrl\":\"https:\\\/\\\/www.alsason.fr\\\/wp-content\\\/uploads\\\/Vitrines-Strasbourg-Bardet-Noel-scaled.jpg\",\"width\":2560,\"height\":1920},{\"@type\":\"BreadcrumbList\",\"@id\":\"https:\\\/\\\/www.alsason.fr\\\/index.php\\\/portfolio-item\\\/illuminations-de-noel-2020-rue-de-la-mesange\\\/#breadcrumb\",\"itemListElement\":[{\"@type\":\"ListItem\",\"position\":1,\"name\":\"Accueil\",\"item\":\"https:\\\/\\\/www.alsason.fr\\\/\"},{\"@type\":\"ListItem\",\"position\":2,\"name\":\"Illuminations de No\u00ebl 2020 &#8211; Rue de la M\u00e9sange\"}]},{\"@type\":\"WebSite\",\"@id\":\"https:\\\/\\\/www.alsason.fr\\\/#website\",\"url\":\"https:\\\/\\\/www.alsason.fr\\\/\",\"name\":\"Alsason\",\"description\":\"Alsason\",\"publisher\":{\"@id\":\"https:\\\/\\\/www.alsason.fr\\\/#organization\"},\"potentialAction\":[{\"@type\":\"SearchAction\",\"target\":{\"@type\":\"EntryPoint\",\"urlTemplate\":\"https:\\\/\\\/www.alsason.fr\\\/?s={search_term_string}\"},\"query-input\":{\"@type\":\"PropertyValueSpecification\",\"valueRequired\":true,\"valueName\":\"search_term_string\"}}],\"inLanguage\":\"fr-FR\"},{\"@type\":\"Organization\",\"@id\":\"https:\\\/\\\/www.alsason.fr\\\/#organization\",\"name\":\"Alsason\",\"url\":\"https:\\\/\\\/www.alsason.fr\\\/\",\"logo\":{\"@type\":\"ImageObject\",\"inLanguage\":\"fr-FR\",\"@id\":\"https:\\\/\\\/www.alsason.fr\\\/#\\\/schema\\\/logo\\\/image\\\/\",\"url\":\"https:\\\/\\\/www.alsason.fr\\\/wp-content\\\/uploads\\\/logo-alsason-rouge-black-600x150.png\",\"contentUrl\":\"https:\\\/\\\/www.alsason.fr\\\/wp-content\\\/uploads\\\/logo-alsason-rouge-black-600x150.png\",\"width\":600,\"height\":150,\"caption\":\"Alsason\"},\"image\":{\"@id\":\"https:\\\/\\\/www.alsason.fr\\\/#\\\/schema\\\/logo\\\/image\\\/\"},\"sameAs\":[\"https:\\\/\\\/www.facebook.com\\\/alsasonfrance\"]}]}<\/script>\n<!-- \/ Yoast SEO plugin. -->","yoast_head_json":{"title":"Illuminations de No\u00ebl 2020 - Rue de la M\u00e9sange - Alsason","robots":{"index":"index","follow":"follow","max-snippet":"max-snippet:-1","max-image-preview":"max-image-preview:large","max-video-preview":"max-video-preview:-1"},"canonical":"https:\/\/www.alsason.fr\/index.php\/portfolio-item\/illuminations-de-noel-2020-rue-de-la-mesange\/","og_locale":"fr_FR","og_type":"article","og_title":"Illuminations de No\u00ebl 2020 - Rue de la M\u00e9sange - Alsason","og_description":"Comme l'an pass\u00e9, nos \u00e9quipes se sont charg\u00e9es de l'installation des illuminations de No\u00ebl de la rue de la M\u00e9sange, \u00e0 Strasbourg. Cette ann\u00e9e encore, nous [\u2026]","og_url":"https:\/\/www.alsason.fr\/index.php\/portfolio-item\/illuminations-de-noel-2020-rue-de-la-mesange\/","og_site_name":"Alsason","article_publisher":"https:\/\/www.facebook.com\/alsasonfrance","article_modified_time":"2020-12-03T15:25:51+00:00","og_image":[{"width":2560,"height":1920,"url":"https:\/\/www.alsason.fr\/wp-content\/uploads\/Vitrines-Strasbourg-Bardet-Noel-scaled.jpg","type":"image\/jpeg"}],"twitter_card":"summary_large_image","twitter_misc":{"Dur\u00e9e de lecture estim\u00e9e":"1 minute"},"schema":{"@context":"https:\/\/schema.org","@graph":[{"@type":"WebPage","@id":"https:\/\/www.alsason.fr\/index.php\/portfolio-item\/illuminations-de-noel-2020-rue-de-la-mesange\/","url":"https:\/\/www.alsason.fr\/index.php\/portfolio-item\/illuminations-de-noel-2020-rue-de-la-mesange\/","name":"Illuminations de No\u00ebl 2020 - Rue de la M\u00e9sange - Alsason","isPartOf":{"@id":"https:\/\/www.alsason.fr\/#website"},"primaryImageOfPage":{"@id":"https:\/\/www.alsason.fr\/index.php\/portfolio-item\/illuminations-de-noel-2020-rue-de-la-mesange\/#primaryimage"},"image":{"@id":"https:\/\/www.alsason.fr\/index.php\/portfolio-item\/illuminations-de-noel-2020-rue-de-la-mesange\/#primaryimage"},"thumbnailUrl":"https:\/\/www.alsason.fr\/wp-content\/uploads\/Vitrines-Strasbourg-Bardet-Noel-scaled.jpg","datePublished":"2020-01-16T15:09:38+00:00","dateModified":"2020-12-03T15:25:51+00:00","breadcrumb":{"@id":"https:\/\/www.alsason.fr\/index.php\/portfolio-item\/illuminations-de-noel-2020-rue-de-la-mesange\/#breadcrumb"},"inLanguage":"fr-FR","potentialAction":[{"@type":"ReadAction","target":["https:\/\/www.alsason.fr\/index.php\/portfolio-item\/illuminations-de-noel-2020-rue-de-la-mesange\/"]}]},{"@type":"ImageObject","inLanguage":"fr-FR","@id":"https:\/\/www.alsason.fr\/index.php\/portfolio-item\/illuminations-de-noel-2020-rue-de-la-mesange\/#primaryimage","url":"https:\/\/www.alsason.fr\/wp-content\/uploads\/Vitrines-Strasbourg-Bardet-Noel-scaled.jpg","contentUrl":"https:\/\/www.alsason.fr\/wp-content\/uploads\/Vitrines-Strasbourg-Bardet-Noel-scaled.jpg","width":2560,"height":1920},{"@type":"BreadcrumbList","@id":"https:\/\/www.alsason.fr\/index.php\/portfolio-item\/illuminations-de-noel-2020-rue-de-la-mesange\/#breadcrumb","itemListElement":[{"@type":"ListItem","position":1,"name":"Accueil","item":"https:\/\/www.alsason.fr\/"},{"@type":"ListItem","position":2,"name":"Illuminations de No\u00ebl 2020 &#8211; Rue de la M\u00e9sange"}]},{"@type":"WebSite","@id":"https:\/\/www.alsason.fr\/#website","url":"https:\/\/www.alsason.fr\/","name":"Alsason","description":"Alsason","publisher":{"@id":"https:\/\/www.alsason.fr\/#organization"},"potentialAction":[{"@type":"SearchAction","target":{"@type":"EntryPoint","urlTemplate":"https:\/\/www.alsason.fr\/?s={search_term_string}"},"query-input":{"@type":"PropertyValueSpecification","valueRequired":true,"valueName":"search_term_string"}}],"inLanguage":"fr-FR"},{"@type":"Organization","@id":"https:\/\/www.alsason.fr\/#organization","name":"Alsason","url":"https:\/\/www.alsason.fr\/","logo":{"@type":"ImageObject","inLanguage":"fr-FR","@id":"https:\/\/www.alsason.fr\/#\/schema\/logo\/image\/","url":"https:\/\/www.alsason.fr\/wp-content\/uploads\/logo-alsason-rouge-black-600x150.png","contentUrl":"https:\/\/www.alsason.fr\/wp-content\/uploads\/logo-alsason-rouge-black-600x150.png","width":600,"height":150,"caption":"Alsason"},"image":{"@id":"https:\/\/www.alsason.fr\/#\/schema\/logo\/image\/"},"sameAs":["https:\/\/www.facebook.com\/alsasonfrance"]}]}},"_links":{"self":[{"href":"https:\/\/www.alsason.fr\/index.php\/wp-json\/wp\/v2\/portfolio\/750","targetHints":{"allow":["GET"]}}],"collection":[{"href":"https:\/\/www.alsason.fr\/index.php\/wp-json\/wp\/v2\/portfolio"}],"about":[{"href":"https:\/\/www.alsason.fr\/index.php\/wp-json\/wp\/v2\/types\/portfolio"}],"author":[{"embeddable":true,"href":"https:\/\/www.alsason.fr\/index.php\/wp-json\/wp\/v2\/users\/1"}],"replies":[{"embeddable":true,"href":"https:\/\/www.alsason.fr\/index.php\/wp-json\/wp\/v2\/comments?post=750"}],"wp:featuredmedia":[{"embeddable":true,"href":"https:\/\/www.alsason.fr\/index.php\/wp-json\/wp\/v2\/media\/751"}],"wp:attachment":[{"href":"https:\/\/www.alsason.fr\/index.php\/wp-json\/wp\/v2\/media?parent=750"}],"wp:term":[{"taxonomy":"portfolio-types","embeddable":true,"href":"https:\/\/www.alsason.fr\/index.php\/wp-json\/wp\/v2\/portfolio-types?post=750"}],"curies":[{"name":"wp","href":"https:\/\/api.w.org\/{rel}","templated":true}]}}